{"id":2277,"date":"2015-07-02T13:52:42","date_gmt":"2015-07-02T13:52:42","guid":{"rendered":"http:\/\/trotajueves.es\/libreria\/?post_type=product&#038;p=2277"},"modified":"2016-08-04T09:14:04","modified_gmt":"2016-08-04T09:14:04","slug":"el-rio-de-la-duda","status":"publish","type":"product","link":"https:\/\/trotajueves.es\/libreria\/producto\/el-rio-de-la-duda\/","title":{"rendered":"El rio de la duda"},"content":{"rendered":"<p>AUTOR: \u00a0 \u00a0 \u00a0 \u00a0 \u00a0 \u00a0Theodore Roosevelt<\/p>\n<p>ESTADO: \u00a0\u00a0\u00a0\u00a0\u00a0\u00a0\u00a0nuevo<\/p>\n<p>I.S.B.N.: \u00a0 \u00a0 \u00a0 \u00a0 \u00a0978-84-96964-90-7<\/p>\n<p>A\u00f1o:\u00a0\u00a0\u00a0\u00a0 2011<\/p>\n<p>Editorial:\u00a0\u00a0\u00a0\u00a0\u00a0\u00a0\u00a0\u00a0\u00a0\u00a0 ediciones del viento<\/p>\n<p>P\u00e1ginas: \u00a0 \u00a0 \u00a0333<\/p>\n<p>Precio: \u00a0 \u00a022 \u20ac<\/p>\n","protected":false},"excerpt":{"rendered":"<p>Cuando el que fuera presidente de los Estados Unidos durante nueve a\u00f1os pierde la nominaci\u00f3n a las elecciones presidenciales, decide emprender un viaje largamente aplazado a Sudam\u00e9rica. Aprovechando la invitaci\u00f3n de los gobiernos de Brasil y Argentina para dar unas conferencias, emprende rumbo Sur, y tras cumplir sus obligaciones se interna en las profundidades del continente y se une a un explorador y cart\u00f3grafo brasile\u00f1o, Candido da Silva Rond\u00f3n. Su objetivo es recorrer y cartografiar el r\u00edo de la Duda (llamado en la actualidad r\u00edo Roosevelt), cuyas fuentes hab\u00edan sido descubiertas por el brasile\u00f1o. Esta expedici\u00f3n, que se planteaba como un viaje de aventuras y caza (a la que era gran aficionado el norteamericano como hab\u00eda quedado patente en su viaje a \u00c1frica donde hab\u00eda cobrado m\u00e1s de 3000 piezas),\u00a0 se convierte en un viaje cient\u00edfico en CONDICIONES muy penosas y que casi le cuesta la vida. Ediciones del Viento publica por primera vez en espa\u00f1ol este apasionante relato, conocid\u00edsimo en los Estados Unidos, donde el autor (que hab\u00eda sido galardonado con el premio Nobel de la paz en 1906) es uno de los presidentes m\u00e1s populares.<\/p>\n","protected":false},"featured_media":2278,"template":"","meta":{"_joinchat":[]},"product_brand":[],"product_cat":[209,201,34],"product_tag":[227,47,202,112,118,59,91,257,93],"class_list":{"0":"post-2277","1":"product","2":"type-product","3":"status-publish","4":"has-post-thumbnail","6":"product_cat-america","7":"product_cat-biografias-de-viajes","8":"product_cat-viaje","9":"product_tag-america","10":"product_tag-biografia","11":"product_tag-biografia-de-viaje","12":"product_tag-eeuu","13":"product_tag-expediciones","14":"product_tag-historia","15":"product_tag-latinoamerica","16":"product_tag-nuevo","17":"product_tag-viaje-2","18":"pa_estado-nuevo","20":"first","21":"instock","22":"shipping-taxable","23":"purchasable","24":"product-type-simple"},"_links":{"self":[{"href":"https:\/\/trotajueves.es\/libreria\/wp-json\/wp\/v2\/product\/2277","targetHints":{"allow":["GET"]}}],"collection":[{"href":"https:\/\/trotajueves.es\/libreria\/wp-json\/wp\/v2\/product"}],"about":[{"href":"https:\/\/trotajueves.es\/libreria\/wp-json\/wp\/v2\/types\/product"}],"wp:featuredmedia":[{"embeddable":true,"href":"https:\/\/trotajueves.es\/libreria\/wp-json\/wp\/v2\/media\/2278"}],"wp:attachment":[{"href":"https:\/\/trotajueves.es\/libreria\/wp-json\/wp\/v2\/media?parent=2277"}],"wp:term":[{"taxonomy":"product_brand","embeddable":true,"href":"https:\/\/trotajueves.es\/libreria\/wp-json\/wp\/v2\/product_brand?post=2277"},{"taxonomy":"product_cat","embeddable":true,"href":"https:\/\/trotajueves.es\/libreria\/wp-json\/wp\/v2\/product_cat?post=2277"},{"taxonomy":"product_tag","embeddable":true,"href":"https:\/\/trotajueves.es\/libreria\/wp-json\/wp\/v2\/product_tag?post=2277"}],"curies":[{"name":"wp","href":"https:\/\/api.w.org\/{rel}","templated":true}]}}