{"id":3828,"date":"2016-07-19T17:47:13","date_gmt":"2016-07-19T17:47:13","guid":{"rendered":"http:\/\/trotajueves.es\/libreria\/?product=un-viaje-a-california"},"modified":"2020-05-27T17:28:32","modified_gmt":"2020-05-27T17:28:32","slug":"un-viaje-a-california","status":"publish","type":"product","link":"https:\/\/trotajueves.es\/libreria\/producto\/un-viaje-a-california\/","title":{"rendered":"Un viaje a California"},"content":{"rendered":"<p>AUTOR: \u00a0 \u00a0 \u00a0 \u00a0 \u00a0\u00a0 Alexandre Dumas<\/p>\n<p>ESTADO: \u00a0\u00a0\u00a0\u00a0\u00a0nuevo<\/p>\n<p>I.S.B.N.: \u00a0 \u00a0 \u00a0 \u00a0\u00a0 978-84-96964-89-1<\/p>\n<p>A\u00f1o:\u00a0\u00a0\u00a0\u00a0 2012<\/p>\n<p>Editorial:\u00a0\u00a0\u00a0\u00a0\u00a0\u00a0\u00a0\u00a0\u00a0\u00a0ediciones del viento<\/p>\n<p>P\u00e1ginas: \u00a0 \u00a0\u00a0 170<\/p>\n<p>Precio:\u00a0\u00a0 18 \u20ac<\/p>\n","protected":false},"excerpt":{"rendered":"<p>En julio de 1851 Alexandre Dumas pasa unos d\u00edas en una hoster\u00eda de la localidad de Montmorency. All\u00ed se encuentra con un joven viajero que acaba de regresar de la lejana California (cuando todav\u00eda no exist\u00eda el Canal de Panam\u00e1). Era la \u00e9poca de la fiebre del oro. Dumas se encierra con el joven y, con el apoyo de un prolijo diario del viaje, escribe esta apasionante cr\u00f3nica que, como si de una novela de Jules Verne se tratara, va narrando las peligrosas peripecias de una vida de aventura en esa nueva tierra prometida.<\/p>\n","protected":false},"featured_media":3829,"template":"","meta":{"_joinchat":[]},"product_brand":[],"product_cat":[209,201,43,34,203],"product_tag":[227,112,59,234,257,69,70,93],"class_list":{"0":"post-3828","1":"product","2":"type-product","3":"status-publish","4":"has-post-thumbnail","6":"product_cat-america","7":"product_cat-biografias-de-viajes","8":"product_cat-humanidades","9":"product_cat-viaje","10":"product_cat-viaje-en-la-historia","11":"product_tag-america","12":"product_tag-eeuu","13":"product_tag-historia","14":"product_tag-humanidades","15":"product_tag-nuevo","16":"product_tag-pensamiento","17":"product_tag-periodismo","18":"product_tag-viaje-2","19":"pa_estado-nuevo","21":"first","22":"instock","23":"shipping-taxable","24":"purchasable","25":"product-type-simple"},"_links":{"self":[{"href":"https:\/\/trotajueves.es\/libreria\/wp-json\/wp\/v2\/product\/3828","targetHints":{"allow":["GET"]}}],"collection":[{"href":"https:\/\/trotajueves.es\/libreria\/wp-json\/wp\/v2\/product"}],"about":[{"href":"https:\/\/trotajueves.es\/libreria\/wp-json\/wp\/v2\/types\/product"}],"wp:featuredmedia":[{"embeddable":true,"href":"https:\/\/trotajueves.es\/libreria\/wp-json\/wp\/v2\/media\/3829"}],"wp:attachment":[{"href":"https:\/\/trotajueves.es\/libreria\/wp-json\/wp\/v2\/media?parent=3828"}],"wp:term":[{"taxonomy":"product_brand","embeddable":true,"href":"https:\/\/trotajueves.es\/libreria\/wp-json\/wp\/v2\/product_brand?post=3828"},{"taxonomy":"product_cat","embeddable":true,"href":"https:\/\/trotajueves.es\/libreria\/wp-json\/wp\/v2\/product_cat?post=3828"},{"taxonomy":"product_tag","embeddable":true,"href":"https:\/\/trotajueves.es\/libreria\/wp-json\/wp\/v2\/product_tag?post=3828"}],"curies":[{"name":"wp","href":"https:\/\/api.w.org\/{rel}","templated":true}]}}